{"id":12296,"date":"2025-05-26T14:01:53","date_gmt":"2025-05-26T12:01:53","guid":{"rendered":"https:\/\/lyceemauriac.fr\/?page_id=12296"},"modified":"2026-04-21T14:49:56","modified_gmt":"2026-04-21T12:49:56","slug":"inscriptions","status":"publish","type":"page","link":"https:\/\/lyceemauriac.fr\/index.php\/inscriptions\/","title":{"rendered":"Inscriptions"},"content":{"rendered":"<h2>Rentr\u00e9e 2026<\/h2>\n<p>Vous trouverez ci-dessous les dossiers de candidature pour :<\/p>\n<ul>\n<li>les futurs \u00e9l\u00e8ves de Seconde souhaitant suivre l&rsquo;enseignement optionnel de Section Europ\u00e9enne (Anglais ou Espagnol) : <a href=\"https:\/\/lyceemauriac.fr\/wp-content\/uploads\/2026\/04\/DOSSIER-SECTION-EURO-MAURIAC.pdf\" class=\"mtli_attachment mtli_pdf\">DOSSIER SECTION EURO MAURIAC<\/a><\/li>\n<li>les futurs \u00e9l\u00e8ves de Seconde souhaitant suivre l&rsquo;enseignement optionnel de Sciences de Laboratoire : <a href=\"https:\/\/lyceemauriac.fr\/wp-content\/uploads\/2026\/04\/DOSSIER-SCIENCES-DE-LABORATOIRE-SL.pdf\" class=\"mtli_attachment mtli_pdf\">DOSSIER SCIENCES DE LABORATOIRE SL<\/a><\/li>\n<li>les futurs \u00e9l\u00e8ves de Premi\u00e8re souhaitant suivre la sp\u00e9cialit\u00e9 Histoire des Arts : <a href=\"https:\/\/lyceemauriac.fr\/wp-content\/uploads\/2026\/04\/DOSSIER-HIDA-MAURIAC.pdf\" class=\"mtli_attachment mtli_pdf\">DOSSIER HIDA MAURIAC<\/a><\/li>\n<li>les futurs \u00e9l\u00e8ves de Premi\u00e8re souhaitant suivre la sp\u00e9cialit\u00e9 \u00c9ducation Physique, Pratique et Culture Sportive (EPPCS) : <a href=\"https:\/\/lyceemauriac.fr\/wp-content\/uploads\/2026\/04\/DOSSIER-EPPCS-MAURIAC.pdf\" class=\"mtli_attachment mtli_pdf\">DOSSIER EPPCS MAURIAC<\/a><\/li>\n<\/ul>\n<p>\u00c0 noter que pour les futurs \u00e9l\u00e8ves de Seconde et Premi\u00e8re,\u00a0 ces dossiers sont pris en compte, sous r\u00e9serve d\u2019une affectation au lyc\u00e9e Fran\u00e7ois Mauriac, prononc\u00e9e par le Directeur Acad\u00e9mique de la Gironde.<\/p>\n<p>&nbsp;<\/p>\n<h2>\u00c0 venir<\/h2>\n<p>Vous trouverez ci-dessous en t\u00e9l\u00e9chargement les dossiers d&rsquo;inscriptions des diff\u00e9rents niveaux. Ils contiennent la date \u00e0 laquelle vous devrez imp\u00e9rativement vous pr\u00e9senter au lyc\u00e9e pour proc\u00e9der \u00e0 l&rsquo;inscription.<\/p>\n<p><em>Vous trouverez \u00e9galement <a href=\"https:\/\/lyceemauriac.fr\/wp-content\/uploads\/2025\/06\/2025_Fiche-inscription-AS.pdf\" class=\"mtli_attachment mtli_pdf\">ici<\/a> le dossier d&rsquo;inscription \u00e0 l&rsquo;Association Sportive du lyc\u00e9e.<\/em><\/p>\n<h3>\u25b6 Inscription en Seconde<\/h3>\n<p><em>\u00e0 venir<\/em><\/p>\n<p>&nbsp;<\/p>\n<h3>\u25b6 Inscription en Premi\u00e8re G\u00e9n\u00e9rale<\/h3>\n<p><em>\u00e0 venir<\/em><\/p>\n<p>&nbsp;<\/p>\n<p>&nbsp;<\/p>\n<h3>\u25b6 Inscription en Premi\u00e8re STMG<\/h3>\n<p><em>\u00e0 venir<\/em><\/p>\n<p>&nbsp;<\/p>\n<p>&nbsp;<\/p>\n<h3>\u25b6 Inscription en Terminale G\u00e9n\u00e9rale<\/h3>\n<p><em>\u00e0 venir<\/em><\/p>\n<p>&nbsp;<\/p>\n<p>&nbsp;<\/p>\n<h3>\u25b6 Inscription en Terminale STMG<\/h3>\n<p><em>\u00e0 venir<\/em><\/p>\n<p>&nbsp;<\/p>\n<p>&nbsp;<\/p>\n<p>&nbsp;<\/p>\n","protected":false},"excerpt":{"rendered":"<p>Rentr\u00e9e 2026 Vous trouverez ci-dessous les dossiers de candidature pour : les futurs \u00e9l\u00e8ves de Seconde souhaitant suivre l&rsquo;enseignement optionnel de Section Europ\u00e9enne (Anglais ou Espagnol) : DOSSIER SECTION EURO MAURIAC les futurs \u00e9l\u00e8ves de Seconde souhaitant suivre l&rsquo;enseignement optionnel de Sciences de Laboratoire : DOSSIER SCIENCES DE LABORATOIRE SL les futurs \u00e9l\u00e8ves de Premi\u00e8re [&hellip;]<\/p>\n","protected":false},"author":2,"featured_media":0,"parent":0,"menu_order":0,"comment_status":"closed","ping_status":"closed","template":"","meta":{"footnotes":""},"class_list":["post-12296","page","type-page","status-publish","hentry"],"_links":{"self":[{"href":"https:\/\/lyceemauriac.fr\/index.php\/wp-json\/wp\/v2\/pages\/12296","targetHints":{"allow":["GET"]}}],"collection":[{"href":"https:\/\/lyceemauriac.fr\/index.php\/wp-json\/wp\/v2\/pages"}],"about":[{"href":"https:\/\/lyceemauriac.fr\/index.php\/wp-json\/wp\/v2\/types\/page"}],"author":[{"embeddable":true,"href":"https:\/\/lyceemauriac.fr\/index.php\/wp-json\/wp\/v2\/users\/2"}],"replies":[{"embeddable":true,"href":"https:\/\/lyceemauriac.fr\/index.php\/wp-json\/wp\/v2\/comments?post=12296"}],"version-history":[{"count":13,"href":"https:\/\/lyceemauriac.fr\/index.php\/wp-json\/wp\/v2\/pages\/12296\/revisions"}],"predecessor-version":[{"id":13181,"href":"https:\/\/lyceemauriac.fr\/index.php\/wp-json\/wp\/v2\/pages\/12296\/revisions\/13181"}],"wp:attachment":[{"href":"https:\/\/lyceemauriac.fr\/index.php\/wp-json\/wp\/v2\/media?parent=12296"}],"curies":[{"name":"wp","href":"https:\/\/api.w.org\/{rel}","templated":true}]}}